{"id":3218,"date":"2020-03-16T11:39:50","date_gmt":"2020-03-16T11:39:50","guid":{"rendered":"http:\/\/arroyofloristeria.com\/?page_id=3218"},"modified":"2020-03-16T11:47:20","modified_gmt":"2020-03-16T11:47:20","slug":"politica-de-privacidad","status":"publish","type":"page","link":"https:\/\/arroyofloristeria.com\/ca\/politica-de-privacidad\/","title":{"rendered":"Pol\u00edtica de privacitat"},"content":{"rendered":"<p>INFORMACI\u00d3 B\u00c0SICA SOBRE PROTECCI\u00d3 DE DADES<\/p>\n<p>Responsable: PALOMA ARROYO BELLOSTAS<br \/>\nFinalitat: Informar-lo sobre els serveis i productes publicats en la nostra web<br \/>\nLegitimaci\u00f3: per consentiment de l\u2019interessat<br \/>\nTermini de conservaci\u00f3: el legalment establert<br \/>\nDestinataris: No se cediran dades a tercers, excepteper al servei de lliurament dels productes adquirits o per obligaci\u00f3 legal<br \/>\nDrets: T\u00e9 dret a accedir, rectificar i suprimir les dades, aix\u00ed com altres drets, com s\u2019explica en la informaci\u00f3 addicional<br \/>\nUbicaci\u00f3: Pot consultar la informaci\u00f3 addicional i detallada sobre Protecci\u00f3 de Dades en l\u2019apartat AV\u00cdS LEGAL, situat en aquesta mateixa web<\/p>\n<p style=\"text-align: center;\">\n&#8212;&#8212;&#8212;&#8212;&#8212;&#8212;&#8212;&#8212;&#8212;&#8212;&#8212;&#8212;&#8212;&#8212;&#8212;&#8212;&#8212;&#8212;&#8212;&#8212;&#8212;&#8212;&#8212;&#8212;&#8212;&#8212;&#8212;&#8212;&#8212;&#8212;&#8212;&#8212;&#8212;&#8212;-<\/p>\n<p>&nbsp;<\/p>\n<p>Responsable: PALOMA ARROYO BELLOSTAS, \u00e9s el responsable del tractament de les dades personals dels nostres clients i els informa que aquestes dades seran tractades de conformitat amb el que es disposa en el Reglament (EU) 2016\/679 de 27 d\u2019abril de 2016 (GDPE), per la qual cosa se li facilita la seg\u00fcent informaci\u00f3 del tractament.<\/p>\n<p>Finalitat del tractament: Prestaci\u00f3 de serveis relacionats amb Comer\u00e7<\/p>\n<p>Legitimaci\u00f3: per consentiment de l\u2019interessat<\/p>\n<p>Criteris de conservaci\u00f3 de les dades: es conservaran mentre existeixi un inter\u00e8s mutu per a mantenir la fi del tractament i quant jo no sigui necessari per a tal fi, se suprimiran amb mesures de seguretat adequades per a garantir la seudonimitzaci\u00f3 de les dades o la destrucci\u00f3 total d\u2019aquestes.<\/p>\n<p>Destinataris: no es comunicaran les dades a tercers, excepteper al servei de lliurament dels productes adquirits o per obligaci\u00f3 legal.<\/p>\n<p>Drets que assisteixen a l\u2019interessat:<br \/>\nDret a retirar el consentiment en qualsevol moment.<br \/>\nDret d\u2019acc\u00e9s, rectificaci\u00f3, portabilitat i supressi\u00f3 de les seves dades i a la limitaci\u00f3 o oposici\u00f3 al seu tractament.<br \/>\nDret a presentar una reclamaci\u00f3 davant l\u2019autoritat de control (www.agpd.es) si considera que el tractament no s\u2019ajusta a la normativa vigent.<\/p>\n<p>Dades de contacte per exercir els seus drets<br \/>\nTitular: PALOMA ARROYO BELLOSTAS<br \/>\nN.I.F.: 43708930Y<br \/>\nDomicili social: calle Balmes, 23 &#8211; 25006 &#8211; Lleida &#8211; LLEIDA, Lleida<br \/>\nE-mail: palomarroyobellostas@gmail.com<br \/>\nTel\u00e8fon: 973232769<\/p>","protected":false},"excerpt":{"rendered":"<p>INFORMACI\u00d3 B\u00c0SICA SOBRE PROTECCI\u00d3 DE DADES Responsable: PALOMA ARROYO BELLOSTAS Finalitat: Informar-lo sobre els serveis i productes publicats en la nostra web Legitimaci\u00f3: per consentiment de l\u2019interessat Termini de conservaci\u00f3: el legalment establert Destinataris: No se cediran dades a tercers, excepteper al servei de lliurament dels productes adquirits o per obligaci\u00f3 legal Drets: T\u00e9 dret [&hellip;]<\/p>\n","protected":false},"author":44,"featured_media":0,"parent":0,"menu_order":0,"comment_status":"closed","ping_status":"closed","template":"","meta":{"spay_email":"","_joinchat":[]},"yoast_head":"<!-- This site is optimized with the Yoast SEO plugin v19.0 - https:\/\/yoast.com\/wordpress\/plugins\/seo\/ -->\n<title>Pol\u00edtica de privacitat - ARROYO FLORISTERIA LLEIDA FLORES CEREMONIAS EVENTOS PLANTAS ROSAS SANT JORDI SANT VALENTIN NACIMIENTOS PELUCHES PELUIX CORONAS FUNERARIAS JARRONES CORONES FUNERARIES COMPLEMENTOS ONLINE AVINGUDA BALMES OFERTA SEMANAL FACEBOOK ROSAS ORQUIDIAS RAMOS CENTROS TENDENCIAS FLORALES BODAS RAMO DE NOVIAS DIA DE LA MADRE MARE<\/title>\n<meta name=\"robots\" content=\"index, follow, max-snippet:-1, max-image-preview:large, max-video-preview:-1\" \/>\n<link rel=\"canonical\" href=\"https:\/\/arroyofloristeria.com\/es\/politica-de-privacidad\/\" \/>\n<meta property=\"og:locale\" content=\"ca_ES\" \/>\n<meta property=\"og:type\" content=\"article\" \/>\n<meta property=\"og:title\" content=\"Pol\u00edtica de privacitat - ARROYO FLORISTERIA LLEIDA FLORES CEREMONIAS EVENTOS PLANTAS ROSAS SANT JORDI SANT VALENTIN NACIMIENTOS PELUCHES PELUIX CORONAS FUNERARIAS JARRONES CORONES FUNERARIES COMPLEMENTOS ONLINE AVINGUDA BALMES OFERTA SEMANAL FACEBOOK ROSAS ORQUIDIAS RAMOS CENTROS TENDENCIAS FLORALES BODAS RAMO DE NOVIAS DIA DE LA MADRE MARE\" \/>\n<meta property=\"og:description\" content=\"INFORMACI\u00d3 B\u00c0SICA SOBRE PROTECCI\u00d3 DE DADES Responsable: PALOMA ARROYO BELLOSTAS Finalitat: Informar-lo sobre els serveis i productes publicats en la nostra web Legitimaci\u00f3: per consentiment de l\u2019interessat Termini de conservaci\u00f3: el legalment establert Destinataris: No se cediran dades a tercers, excepteper al servei de lliurament dels productes adquirits o per obligaci\u00f3 legal Drets: T\u00e9 dret [&hellip;]\" \/>\n<meta property=\"og:url\" content=\"https:\/\/arroyofloristeria.com\/es\/politica-de-privacidad\/\" \/>\n<meta property=\"og:site_name\" content=\"ARROYO FLORISTERIA LLEIDA FLORES CEREMONIAS EVENTOS PLANTAS ROSAS SANT JORDI SANT VALENTIN NACIMIENTOS PELUCHES PELUIX CORONAS FUNERARIAS JARRONES CORONES FUNERARIES COMPLEMENTOS ONLINE AVINGUDA BALMES OFERTA SEMANAL FACEBOOK ROSAS ORQUIDIAS RAMOS CENTROS TENDENCIAS FLORALES BODAS RAMO DE NOVIAS DIA DE LA MADRE MARE\" \/>\n<meta property=\"article:publisher\" content=\"https:\/\/www.facebook.com\/floristeriaArroyoLleida\/\" \/>\n<meta property=\"article:modified_time\" content=\"2020-03-16T11:47:20+00:00\" \/>\n<meta name=\"twitter:card\" content=\"summary_large_image\" \/>\n<meta name=\"twitter:label1\" content=\"Temps estimat de lectura\" \/>\n\t<meta name=\"twitter:data1\" content=\"3 minuts\" \/>\n<script type=\"application\/ld+json\" class=\"yoast-schema-graph\">{\"@context\":\"https:\/\/schema.org\",\"@graph\":[{\"@type\":\"WebSite\",\"@id\":\"https:\/\/arroyofloristeria.com\/es\/#website\",\"url\":\"https:\/\/arroyofloristeria.com\/es\/\",\"name\":\"ARROYO FLORISTERIA LLEIDA FLORES CEREMONIAS EVENTOS PLANTAS ROSAS SANT JORDI SANT VALENTIN NACIMIENTOS PELUCHES PELUIX CORONAS FUNERARIAS JARRONES CORONES FUNERARIES COMPLEMENTOS ONLINE AVINGUDA BALMES OFERTA SEMANAL FACEBOOK ROSAS ORQUIDIAS RAMOS CENTROS TENDENCIAS FLORALES BODAS RAMO DE NOVIAS DIA DE LA MADRE MARE\",\"description\":\"ARROYO FLORISTERIA LLEIDA FLORES CEREMONIAS EVENTOS PLANTAS ROSAS SANT JORDI SANT VALENTIN NACIMIENTOS PELUCHES PELUIX CORONAS FUNERARIAS JARRONES CORENES FUNERARIES COMPLEMENTOS ONLINE AVINGUDA BALMES OFERTA SEMANAL FACEBOOK ROSAS ORQUIDIAS RAMOS CENTROS TENDENCIAS FLORALES BODAS RAMO DE NOVIAS DIA DE LA MADRE MARE\",\"potentialAction\":[{\"@type\":\"SearchAction\",\"target\":{\"@type\":\"EntryPoint\",\"urlTemplate\":\"https:\/\/arroyofloristeria.com\/es\/?s={search_term_string}\"},\"query-input\":\"required name=search_term_string\"}],\"inLanguage\":\"ca\"},{\"@type\":\"WebPage\",\"@id\":\"https:\/\/arroyofloristeria.com\/es\/politica-de-privacidad\/#webpage\",\"url\":\"https:\/\/arroyofloristeria.com\/es\/politica-de-privacidad\/\",\"name\":\"Pol\u00edtica de privacitat - ARROYO FLORISTERIA LLEIDA FLORES CEREMONIAS EVENTOS PLANTAS ROSAS SANT JORDI SANT VALENTIN NACIMIENTOS PELUCHES PELUIX CORONAS FUNERARIAS JARRONES CORONES FUNERARIES COMPLEMENTOS ONLINE AVINGUDA BALMES OFERTA SEMANAL FACEBOOK ROSAS ORQUIDIAS RAMOS CENTROS TENDENCIAS FLORALES BODAS RAMO DE NOVIAS DIA DE LA MADRE MARE\",\"isPartOf\":{\"@id\":\"https:\/\/arroyofloristeria.com\/es\/#website\"},\"datePublished\":\"2020-03-16T11:39:50+00:00\",\"dateModified\":\"2020-03-16T11:47:20+00:00\",\"breadcrumb\":{\"@id\":\"https:\/\/arroyofloristeria.com\/es\/politica-de-privacidad\/#breadcrumb\"},\"inLanguage\":\"ca\",\"potentialAction\":[{\"@type\":\"ReadAction\",\"target\":[\"https:\/\/arroyofloristeria.com\/es\/politica-de-privacidad\/\"]}]},{\"@type\":\"BreadcrumbList\",\"@id\":\"https:\/\/arroyofloristeria.com\/es\/politica-de-privacidad\/#breadcrumb\",\"itemListElement\":[{\"@type\":\"ListItem\",\"position\":1,\"name\":\"Portada\",\"item\":\"https:\/\/arroyofloristeria.com\/\"},{\"@type\":\"ListItem\",\"position\":2,\"name\":\"Pol\u00edtica de privacidad\"}]}]}<\/script>\n<!-- \/ Yoast SEO plugin. -->","yoast_head_json":{"title":"Pol\u00edtica de privacitat - ARROYO FLORISTERIA LLEIDA FLORES CEREMONIAS EVENTOS PLANTAS ROSAS SANT JORDI SANT VALENTIN NACIMIENTOS PELUCHES PELUIX CORONAS FUNERARIAS JARRONES CORONES FUNERARIES COMPLEMENTOS ONLINE AVINGUDA BALMES OFERTA SEMANAL FACEBOOK ROSAS ORQUIDIAS RAMOS CENTROS TENDENCIAS FLORALES BODAS RAMO DE NOVIAS DIA DE LA MADRE MARE","robots":{"index":"index","follow":"follow","max-snippet":"max-snippet:-1","max-image-preview":"max-image-preview:large","max-video-preview":"max-video-preview:-1"},"canonical":"https:\/\/arroyofloristeria.com\/es\/politica-de-privacidad\/","og_locale":"ca_ES","og_type":"article","og_title":"Pol\u00edtica de privacitat - ARROYO FLORISTERIA LLEIDA FLORES CEREMONIAS EVENTOS PLANTAS ROSAS SANT JORDI SANT VALENTIN NACIMIENTOS PELUCHES PELUIX CORONAS FUNERARIAS JARRONES CORONES FUNERARIES COMPLEMENTOS ONLINE AVINGUDA BALMES OFERTA SEMANAL FACEBOOK ROSAS ORQUIDIAS RAMOS CENTROS TENDENCIAS FLORALES BODAS RAMO DE NOVIAS DIA DE LA MADRE MARE","og_description":"INFORMACI\u00d3 B\u00c0SICA SOBRE PROTECCI\u00d3 DE DADES Responsable: PALOMA ARROYO BELLOSTAS Finalitat: Informar-lo sobre els serveis i productes publicats en la nostra web Legitimaci\u00f3: per consentiment de l\u2019interessat Termini de conservaci\u00f3: el legalment establert Destinataris: No se cediran dades a tercers, excepteper al servei de lliurament dels productes adquirits o per obligaci\u00f3 legal Drets: T\u00e9 dret [&hellip;]","og_url":"https:\/\/arroyofloristeria.com\/es\/politica-de-privacidad\/","og_site_name":"ARROYO FLORISTERIA LLEIDA FLORES CEREMONIAS EVENTOS PLANTAS ROSAS SANT JORDI SANT VALENTIN NACIMIENTOS PELUCHES PELUIX CORONAS FUNERARIAS JARRONES CORONES FUNERARIES COMPLEMENTOS ONLINE AVINGUDA BALMES OFERTA SEMANAL FACEBOOK ROSAS ORQUIDIAS RAMOS CENTROS TENDENCIAS FLORALES BODAS RAMO DE NOVIAS DIA DE LA MADRE MARE","article_publisher":"https:\/\/www.facebook.com\/floristeriaArroyoLleida\/","article_modified_time":"2020-03-16T11:47:20+00:00","twitter_card":"summary_large_image","twitter_misc":{"Temps estimat de lectura":"3 minuts"},"schema":{"@context":"https:\/\/schema.org","@graph":[{"@type":"WebSite","@id":"https:\/\/arroyofloristeria.com\/es\/#website","url":"https:\/\/arroyofloristeria.com\/es\/","name":"ARROYO FLORISTERIA LLEIDA FLORES CEREMONIAS EVENTOS PLANTAS ROSAS SANT JORDI SANT VALENTIN NACIMIENTOS PELUCHES PELUIX CORONAS FUNERARIAS JARRONES CORONES FUNERARIES COMPLEMENTOS ONLINE AVINGUDA BALMES OFERTA SEMANAL FACEBOOK ROSAS ORQUIDIAS RAMOS CENTROS TENDENCIAS FLORALES BODAS RAMO DE NOVIAS DIA DE LA MADRE MARE","description":"ARROYO FLORISTERIA LLEIDA FLORES CEREMONIAS EVENTOS PLANTAS ROSAS SANT JORDI SANT VALENTIN NACIMIENTOS PELUCHES PELUIX CORONAS FUNERARIAS JARRONES CORENES FUNERARIES COMPLEMENTOS ONLINE AVINGUDA BALMES OFERTA SEMANAL FACEBOOK ROSAS ORQUIDIAS RAMOS CENTROS TENDENCIAS FLORALES BODAS RAMO DE NOVIAS DIA DE LA MADRE MARE","potentialAction":[{"@type":"SearchAction","target":{"@type":"EntryPoint","urlTemplate":"https:\/\/arroyofloristeria.com\/es\/?s={search_term_string}"},"query-input":"required name=search_term_string"}],"inLanguage":"ca"},{"@type":"WebPage","@id":"https:\/\/arroyofloristeria.com\/es\/politica-de-privacidad\/#webpage","url":"https:\/\/arroyofloristeria.com\/es\/politica-de-privacidad\/","name":"Pol\u00edtica de privacitat - ARROYO FLORISTERIA LLEIDA FLORES CEREMONIAS EVENTOS PLANTAS ROSAS SANT JORDI SANT VALENTIN NACIMIENTOS PELUCHES PELUIX CORONAS FUNERARIAS JARRONES CORONES FUNERARIES COMPLEMENTOS ONLINE AVINGUDA BALMES OFERTA SEMANAL FACEBOOK ROSAS ORQUIDIAS RAMOS CENTROS TENDENCIAS FLORALES BODAS RAMO DE NOVIAS DIA DE LA MADRE MARE","isPartOf":{"@id":"https:\/\/arroyofloristeria.com\/es\/#website"},"datePublished":"2020-03-16T11:39:50+00:00","dateModified":"2020-03-16T11:47:20+00:00","breadcrumb":{"@id":"https:\/\/arroyofloristeria.com\/es\/politica-de-privacidad\/#breadcrumb"},"inLanguage":"ca","potentialAction":[{"@type":"ReadAction","target":["https:\/\/arroyofloristeria.com\/es\/politica-de-privacidad\/"]}]},{"@type":"BreadcrumbList","@id":"https:\/\/arroyofloristeria.com\/es\/politica-de-privacidad\/#breadcrumb","itemListElement":[{"@type":"ListItem","position":1,"name":"Portada","item":"https:\/\/arroyofloristeria.com\/"},{"@type":"ListItem","position":2,"name":"Pol\u00edtica de privacidad"}]}]}},"_links":{"self":[{"href":"https:\/\/arroyofloristeria.com\/ca\/wp-json\/wp\/v2\/pages\/3218"}],"collection":[{"href":"https:\/\/arroyofloristeria.com\/ca\/wp-json\/wp\/v2\/pages"}],"about":[{"href":"https:\/\/arroyofloristeria.com\/ca\/wp-json\/wp\/v2\/types\/page"}],"author":[{"embeddable":true,"href":"https:\/\/arroyofloristeria.com\/ca\/wp-json\/wp\/v2\/users\/44"}],"replies":[{"embeddable":true,"href":"https:\/\/arroyofloristeria.com\/ca\/wp-json\/wp\/v2\/comments?post=3218"}],"version-history":[{"count":3,"href":"https:\/\/arroyofloristeria.com\/ca\/wp-json\/wp\/v2\/pages\/3218\/revisions"}],"predecessor-version":[{"id":3221,"href":"https:\/\/arroyofloristeria.com\/ca\/wp-json\/wp\/v2\/pages\/3218\/revisions\/3221"}],"wp:attachment":[{"href":"https:\/\/arroyofloristeria.com\/ca\/wp-json\/wp\/v2\/media?parent=3218"}],"curies":[{"name":"wp","href":"https:\/\/api.w.org\/{rel}","templated":true}]}}